{"id":3716,"date":"2016-01-01T10:55:37","date_gmt":"2016-01-01T09:55:37","guid":{"rendered":"http:\/\/serwer1310789.home.pl\/prowincja\/?page_id=3716"},"modified":"2026-02-12T11:03:24","modified_gmt":"2026-02-12T10:03:24","slug":"archiwum-prowincji","status":"publish","type":"page","link":"https:\/\/www.franciszkanie-warszawa.pl\/?page_id=3716","title":{"rendered":"Archiwum Prowincji"},"content":{"rendered":"<div   data-size='entry_without_sidebar'  data-lightbox_size='large'  data-animation='fade'  data-conditional_play=''  data-ids='3718'  data-video_counter='0'  data-autoplay='true'  data-bg_slider='false'  data-slide_height=''  data-handle='av_slideshow'  data-interval='5'  data-class=' avia-builder-el-0  el_before_av_one_full  avia-builder-el-first  '  data-el_id=''  data-css_id=''  data-scroll_down=''  data-control_layout='av-control-hidden'  data-custom_markup=''  data-perma_caption=''  data-autoplay_stopper=''  data-image_attachment=''  data-min_height='0px'  data-lazy_loading='disabled'  data-default-height='34.95867768595'  class='avia-slideshow avia-slideshow-1  av-control-hidden av-default-height-applied avia-slideshow-entry_without_sidebar av_slideshow  avia-builder-el-0  el_before_av_one_full  avia-builder-el-first   avia-fade-slider '  itemprop=\"image\" itemscope=\"itemscope\" itemtype=\"https:\/\/schema.org\/ImageObject\" ><ul class='avia-slideshow-inner ' style='padding-bottom: 34.95867768595%;' ><li  class=' av-single-slide slide-1 ' ><div data-rel='slideshow-1' class='avia-slide-wrap '   ><img decoding=\"async\" class=\"wp-image-3718 avia-img-lazy-loading-not-3718\"  src=\"https:\/\/www.franciszkanie-warszawa.pl\/wp-content\/uploads\/2016\/01\/Akta_Instytut_Pami\u0119ci_Narodowej_05-1210x423.jpg\" width=\"1210\" height=\"423\" title='Akta_Instytut_Pami\u0119ci_Narodowej_05' alt=''  itemprop=\"thumbnailUrl\"   \/><\/div><\/li><\/ul><\/div>\n<div class=\"flex_column av_one_full  av-animated-generic bottom-to-top  flex_column_div av-zero-column-padding first  avia-builder-el-1  el_after_av_slideshow  el_before_av_one_half  \" style='margin-top:0px; margin-bottom:-50px; border-radius:0px; '><p><div  style='padding-bottom:0px; ' class='av-special-heading av-special-heading-h2  blockquote modern-quote  avia-builder-el-2  el_before_av_hr  avia-builder-el-first  '><h2 class='av-special-heading-tag '  itemprop=\"headline\"  >Archiwum Prowincji<\/h2><div class='special-heading-border'><div class='special-heading-inner-border' ><\/div><\/div><\/div><br \/>\n<div  style=' margin-top:10px; margin-bottom:10px;'  class='hr hr-custom hr-left hr-icon-no   avia-builder-el-3  el_after_av_heading  avia-builder-el-last '><span class='hr-inner  inner-border-av-border-fat' style=' width:50px; border-color:#efbb20;' ><span class='hr-inner-style'><\/span><\/span><\/div><\/p><\/div>\n<div class=\"flex_column av_one_half  av-animated-generic bottom-to-top  flex_column_div av-zero-column-padding first  avia-builder-el-4  el_after_av_one_full  el_before_av_one_half  column-top-margin\" style='border-radius:0px; '><section class=\"av_textblock_section \"  itemscope=\"itemscope\" itemtype=\"https:\/\/schema.org\/CreativeWork\" ><div class='avia_textblock  '   itemprop=\"text\" ><p>Teoretycznie archiwum prowincji warszawskiej OO. Franciszkan\u00f3w powinno zaistnie\u0107 razem z powstaniem tej prowincji zakonnej, tj. w dniu 23 sierpnia 1939 r.<\/p>\n<p>Dzia\u0142o si\u0119 to jednak w przededniu II wojny \u015bwiatowej, kt\u00f3ra nie sprzyja\u0142a gromadzeniu i przechowywaniu dokumentacji klasztor\u00f3w i zakonnik\u00f3w. Obawa przed wykorzystaniem dokument\u00f3w przez okupanta nie sko\u0144czy\u0142a si\u0119 z zako\u0144czeniem wojny, a mo\u017ce nawet si\u0119 zwi\u0119kszy\u0142a ze wzgl\u0119du na re\u017cim komunistyczny. Wiele akt\u00f3w prawnych, szczeg\u00f3lnie w latach czterdziestych i pi\u0119\u0107dziesi\u0105tych XX w., dokonywano ustnie, albo pisemnie z poleceniem zniszczenia dokumentu po zapoznaniu si\u0119 z jego tre\u015bci\u0105. Mimo tych niedogodno\u015bci wiele dokument\u00f3w z tego okresu uda\u0142o si\u0119 zgromadzi\u0107.<\/p>\n<p>Jednak archiwum omawianej prowincji jako jednostka organizacyjna istnieje dopiero od roku 1975. Do tego czasu archiwalia stanowi\u0142y cz\u0119\u015b\u0107 kancelarii kurii prowincjalnej, niezale\u017cnie od daty powstania dokumentu czy te\u017c przydatno\u015bci do urz\u0119dowania. Zgromadzony materia\u0142 na polecenie prowincja\u0142a o. Mariusza Pacz\u00f3skiego uporz\u0105dkowa\u0142 i sporz\u0105dzi\u0142 inwentarz o. dr Zenon Pi\u0119ta, absolwent wydzia\u0142u historii Ko\u015bcio\u0142a na Katolickim Uniwersytecie Lubelskim.<\/p>\n<\/div><\/section><\/div>\n<div class=\"flex_column av_one_half  av-animated-generic bottom-to-top  flex_column_div av-zero-column-padding   avia-builder-el-6  el_after_av_one_half  el_before_av_one_full  column-top-margin\" style='border-radius:0px; '><section class=\"av_textblock_section \"  itemscope=\"itemscope\" itemtype=\"https:\/\/schema.org\/CreativeWork\" ><div class='avia_textblock  '   itemprop=\"text\" ><p>Sporz\u0105dzony inwentarz pt. Archiwum Ojc\u00f3w Franciszkan\u00f3w Prowincji Matki Bo\u017cej Niepokalanej w Polsce zachowa\u0142 si\u0119 w maszynopisie w 4 egzemplarzach z dat\u0105 4 wrze\u015bnia 1975 r. O. Zenon zam\u00f3wi\u0142 stosown\u0105 piecz\u0119\u0107 dla archiwum, nada\u0142 sygnatury uporz\u0105dkowanym dokumentom i u\u0142o\u017cy\u0142 je na metalowych rega\u0142ach, ustawionych w \u015bwie\u017co wyremontowanym strychu ko\u015bcio\u0142a OO. Franciszkan\u00f3w w Warszawie.<\/p>\n<p>Razem z inwentarzem powsta\u0142 te\u017c projekt statutu archiwum, ale z nieznanych bli\u017cej powod\u00f3w nie zosta\u0142 zatwierdzony. Archiwum wi\u0119c funkcjonowa\u0142o bezstatutowo w oparciu o improwizacyjne i deliberatywne rozwi\u0105zania. Z tego powodu powsta\u0142y zaniedbania: inwentarz nie by\u0142 uzupe\u0142niany, narastaj\u0105ca dokumentacja pozostawa\u0142a nieskatalogowana, a pomieszczenia przeznaczone na archiwum sta\u0142y si\u0119 magazynem nie tylko archiwali\u00f3w. W zwi\u0105zku z tym prowincja\u0142 o. dr hab. Grzegorz Bartosik pismem z dnia 1 kwietnia 2003 r., powo\u0142a\u0142 na archiwist\u0119 prowincjalnego o. dr. Romana Aleksandra Soczewk\u0119 z Niepokalanowa. Ustalono ustnie, \u017ce prace w archiwum o. Roman b\u0119dzie prowadzi\u0142 przez dwa dni w tygodniu w okresie wiosennym, letnim i jesiennym, z tego wzgl\u0119du, \u017ce pomieszczenia archiwum s\u0105 nieogrzewane. Dnia 1 wrze\u015bnia 2005 r. powo\u0142ano jeszcze drugiego archiwist\u0119 &#8211; o. Dariusza Myszka. Dnia 30 maja 2007 r. prowincja\u0142 o. dr hab. Grzegorz Bartosik mianowa\u0142 o. dr. Romana Soczewk\u0119 dyrektorem archiwum prowincjalnego i przydzieli\u0142 nowe pomieszczenia na archiwum zlokalizowane na parterze klasztoru warszawskiego, a 14 czerwca 2007 r. dokona\u0142 zatwierdzenia statutu i regulaminu archiwum.<\/p>\n<\/div><\/section><\/div>\n<div class=\"flex_column av_one_full  av-animated-generic bottom-to-top  flex_column_div first  avia-builder-el-8  el_after_av_one_half  el_before_av_one_full  column-top-margin\" style='border-width:1px; border-color:#e1e1e1; border-style:solid; padding:20px; background-color:#fcfcfc; border-radius:0px; '><section class=\"av_textblock_section \"  itemscope=\"itemscope\" itemtype=\"https:\/\/schema.org\/CreativeWork\" ><div class='avia_textblock  '   itemprop=\"text\" ><p style=\"text-align: center;\"><strong>Zarz\u0105d Archiwum<\/strong><\/p>\n<p style=\"text-align: center;\">Dyrektor &#8211; o. Dariusz Myszk<\/p>\n<p style=\"text-align: center;\"><strong>Adres Archiwum<\/strong><\/p>\n<p style=\"text-align: center;\">Archiwum Prowincji Matki Bo\u017cej Niepokalanej<br \/>\nZakonu Braci Mniejszych Konwentualnych (OO. Franciszkan\u00f3w)<br \/>\nul. Zakroczymska 1<br \/>\n00-225 Warszawa<br \/>\ntel. (22) 831-71-98<\/p>\n<\/div><\/section><\/div>\n<div class=\"flex_column av_one_full  flex_column_div av-zero-column-padding first  avia-builder-el-10  el_after_av_one_full  el_before_av_one_half  column-top-margin\" style='border-radius:0px; '><div  class=\"togglecontainer   toggle_close_all  avia-builder-el-11  avia-builder-el-no-sibling \" >\n<section class=\"av_toggle_section\"  itemscope=\"itemscope\" itemtype=\"https:\/\/schema.org\/CreativeWork\"  >    <div role=\"tablist\" class=\"single_toggle\" data-tags=\"{Wszystko} \"  >        <p data-fake-id=\"#toggle-id-1\" class=\"toggler \"  itemprop=\"headline\"    role=\"tab\" tabindex=\"0\" aria-controls=\"toggle-id-1\">Zas\u00f3b Archiwum<span class=\"toggle_icon\" >        <span class=\"vert_icon\"><\/span><span class=\"hor_icon\"><\/span><\/span><\/p>        <div id=\"toggle-id-1\" class=\"toggle_wrap \"  >            <div class=\"toggle_content invers-color \"  itemprop=\"text\"   ><p>W archiwum prowincjalnym znajduj\u0105 si\u0119 akta z lat 1939-1984. Nowsze dokumenty znajduj\u0105 si\u0119 w archiwum bie\u017c\u0105cym kurii prowincjalnej. Archiwum prowincjalne jest jednozespo\u0142owe, gdy\u017c nale\u017c\u0105 do niego tylko akta, kt\u00f3re zosta\u0142y wytworzone lub przyj\u0119te przez kancelari\u0119 kurii prowincjalnej. Natomiast akta poszczeg\u00f3lnych klasztor\u00f3w znajduj\u0105 si\u0119 w archiwach klasztornych.<br \/>\nUk\u0142ad akt w zespole Kurii Prowincjalnej OO. Franciszkan\u00f3w w Warszawie jest nast\u0119puj\u0105cy:<\/p>\n<ol>\n<li>W\u0142adze, urz\u0119dy, instytucje ko\u015bcielne<br \/>\nA.I. Stolica Apostolska<br \/>\nA.II. Prymas Polski<br \/>\nA.III. Sekretariat Prymasa Polski<br \/>\nA.IV. Sekretariat Prymasa Polski &#8211; Wydzia\u0142 Spraw Zakonnych<br \/>\nA.V. Episkopat<br \/>\nA.VI. Kuria Biskupia Gda\u0144ska<br \/>\nA.VII. Kuria Biskupia Gorzowska<br \/>\nA.VIII. Kuria Biskupia Che\u0142mi\u0144ska<br \/>\nA.IX. Kuria Metropolitalna Gnie\u017anie\u0144ska<br \/>\nA.X. Kuria Biskupia Diecezji Koszali\u0144sko-Ko\u0142obrzeskiej<br \/>\nA.XI. Kuria Biskupia Diecezji \u0141\u00f3dzkiej<br \/>\nA.XII. Kuria Diecezjalna P\u0142ocka<br \/>\nA.XIII. Kuria Metropolitalna Pozna\u0144ska<br \/>\nA.XIV. Kuria Diecezjalna Sandomierska<br \/>\nA.XV. Kuria Biskupia Diecezji Warmi\u0144skiej w Olsztynie<br \/>\nA.XVI. Kuria Metropolitalna Warszawska<br \/>\nA.XVII. Kuria Biskupia W\u0142oc\u0142awska<br \/>\nA.XVIII. Inne Kurie Diecezjalne i Dziekanat Generalny Wojska Polskiego<br \/>\nA.XIX. Parafie i ksi\u0119\u017ca diecezjalni<br \/>\nA.XX. Zakony m\u0119skie<br \/>\nA.XXI. Zakony \u017ce\u0144skie<br \/>\nA.XXII. Wy\u017csze uczelnie katolickie<br \/>\nB. Ustawodawstwo zakonu i prowincji<br \/>\nB.I. Ustawodawstwo og\u00f3lne zakonu<br \/>\nB.II. Ustawodawstwo partykularne prowincji<br \/>\nC. Kapitu\u0142y Generalne<br \/>\nC.I. Kapitu\u0142a Generalna 1966 r.<br \/>\nC.II. Kapitu\u0142a Generalna Specjalna 1969 r.<br \/>\nC.III. Kapitu\u0142a Generalna 1972 r.<br \/>\nC.IV. Kapitu\u0142a Generalna Nadzwyczajna 1975 r.<br \/>\nC.V. Kapitu\u0142a Generalna 1978 r.<br \/>\nC.VI. Kapitu\u0142a Generalna 1984 r.<br \/>\n. D. W\u0142adze centralne zakonu<br \/>\nD.I. Genera\u0142 zakonu i sekretariat<br \/>\nD.II. Prokurator generalny zakonu<br \/>\nD.III. Postulator generalny<br \/>\nD.IV. Prokurator misji<br \/>\nD.V. Fakultet filozoficzno-teologiczny &#8220;Seraphicum&#8221;<br \/>\nD.VI. Komisja do opracowania nowych konstytucji zakonu<br \/>\nE. Wydawnictwa urz\u0119dowe i akta prowincji<br \/>\nE.I. Wydawnictwa urz\u0119dowe<br \/>\nE.II. Akta prowincji<br \/>\nF. Kapitu\u0142y<br \/>\nF.I. Sprawy og\u00f3lne<br \/>\nF.II. Kapitu\u0142a Prowincjalna 1939 r.<br \/>\nF.III. Kapitu\u0142a Prowincjalna 1947 r.<br \/>\nF.IV. Kapitu\u0142a Prowincjalna 1950 r.<br \/>\nF.V. Kapitu\u0142a Prowincjalna 1953 r.<br \/>\nF.VI. Kapitu\u0142a Prowincjalna 1956 r.<br \/>\nF.VII. Kapitu\u0142a Prowincjalna 1959 r.<br \/>\nF.VIII. Kapitu\u0142a Prowincjalna 1962 r.<br \/>\nF.IX. Kapitu\u0142a Prowincjalna 1965 r.<br \/>\nF.X. Kapitu\u0142a Prowincjalna 1968 r.<br \/>\nF.XI. Kapitu\u0142a Prowincjalna 1971 r.<br \/>\nF.XII. Kapitu\u0142a Prowincjalna 1974 r.<br \/>\nF.XIII. Kapitu\u0142a Prowincjalna 1977 r.<br \/>\nF.XIV. Kapitu\u0142a Prowincjalna 1980 r.<br \/>\nF.XV. Kapitu\u0142a Prowincjalna 1983 r.<br \/>\nG. Prowincja\u0142, Rada Prowincjalna, Kuria Prowincjalna<br \/>\nG.I. Prowincja\u0142<br \/>\nG.II. Rada Prowincjalna<br \/>\nG.III. Kuria Prowincjalna<br \/>\nG.IV. Kustosz (generalny, kapitulny)<br \/>\nG.V. Komisje prowincjalne<br \/>\nG.VI. Urz\u0119dnicy i referenci prowincjalni<br \/>\nH. Klasztory aktualnie istniej\u0105ce w prowincji<br \/>\nH.I. Dar\u0142owo<br \/>\nH.II. Elbl\u0105g<br \/>\nH.III. Gda\u0144sk<br \/>\nH.IV. Gdynia<br \/>\nH.V. Gniezno<br \/>\nH.VI. Kalisz<br \/>\nH.VII. Ko\u0142obrzeg<br \/>\nH.VIII. Koszalin<br \/>\nH.IX. Kwidzyn<br \/>\nH.X. L\u0119bork<br \/>\nH.XI. \u0141agiewniki<br \/>\nH.XII. \u0141\u00f3d\u017a &#8211; Chojny<br \/>\nH.XIII. \u0141\u00f3d\u017a &#8211; Radogoszcz<br \/>\nH.XIV. Miedniewice<br \/>\nH.XV. Niepokalan\u00f3w<br \/>\nH. XVI. Pozna\u0144<br \/>\nH. XVII. Radziej\u00f3w<br \/>\nH.XVIII. Santa Severa<br \/>\nH.XIX. Skar\u017cysko-Kamienna<br \/>\nH.XX. Smardzewice<br \/>\nH.XXI. Warszawa<br \/>\nH.XXII. Wyszogr\u00f3d<br \/>\nI. By\u0142e klasztory i plac\u00f3wki duszpasterskie<br \/>\nI. I. Nieszawa<br \/>\nI.II. Ko\u0142obrzeg &#8211; \u015bw. Marcin<br \/>\nI.III. Charzyno &#8211; filia Ko\u0142obrzegu<br \/>\nI.IV. Koszalin &#8211; \u015bw. J\u00f3zef<br \/>\nI.V. \u015awieszyno &#8211; filia Koszalina<br \/>\nI.VI. Wyszewo &#8211; filia Koszalina<br \/>\nI.VII. \u0141\u0119kno<br \/>\nI.VIII. S\u0142awno<br \/>\nI.IX. Malechowo &#8211; filia S\u0142awna<br \/>\nI.X. Ostrowiec &#8211; filia S\u0142awna<br \/>\nI.XI. S\u0142awsko &#8211; filia S\u0142awna<br \/>\nI.XII. Bolszewo &#8211; filia S\u0142awna<br \/>\nI.XIII. Rados\u0142aw &#8211; filia S\u0142awna<br \/>\nI.XIV. Stary Jaros\u0142aw &#8211; filia Dar\u0142owa<br \/>\nI.XV. D\u0105b Stary<br \/>\nI.XVI. Ustka<br \/>\nI.XVII. Bledzewo<br \/>\nI.XVIII. Prabuty<br \/>\nI.XIX. Elbl\u0105g<br \/>\nI.XX. Mor\u0105g<br \/>\nJ. Seminaria, szko\u0142y<br \/>\nJ.I. Ni\u017csze Seminarium Duchowne w Niepokalanowie<br \/>\nJ.II. Nowicjat<br \/>\nJ.III. Seminarium filozoficzno-teologiczne<br \/>\nJ.IV. Gimnazjum i Liceum Og\u00f3lnokszta\u0142c\u0105ce w Niepokalanowie<br \/>\nJ.V. Studia wy\u017csze i dokszta\u0142canie<br \/>\nK. Misje zagraniczne<br \/>\nL. Organizacje zwi\u0105zane z prowincj\u0105<br \/>\nL.I. Rycerstwo Niepokalanej<br \/>\nL.II. Trzeci Zakon<br \/>\n\u0141. Dzia\u0142alno\u015b\u0107 prowincji<br \/>\n\u0141.I. Dzia\u0142alno\u015b\u0107 naukowo-wydawnicza<br \/>\n\u0141.II. Dzia\u0142alno\u015b\u0107 duszpasterska<br \/>\n\u0141.III. Dzia\u0142alno\u015b\u0107 misyjna i rekolekcyjna<br \/>\n\u0141.IV. Jubileusze i uroczysto\u015bci og\u00f3lnoprowincjalne<br \/>\n\u0141.V. Zjazdy, kongresy, sesje<br \/>\n\u0141.VI. Inne przejawy dzia\u0142alno\u015bci<br \/>\nM. Dzia\u0142 personalny<br \/>\nM.I. Zakonnicy \u017cyj\u0105cy<br \/>\nM.II. Zmarli franciszkanie<br \/>\nM.III. Eksfranciszkanie<br \/>\nM.IV. B\u0142ogos\u0142awieni i \u015bwi\u0105tobliwi franciszkanie<br \/>\nM.V. B\u0142ogos\u0142awione klaryski<br \/>\nN. Inne prowincje zakonu<br \/>\nN.I. Prowincja \u015bw. Antoniego i b\u0142. Jakuba Strzemi\u0119 w Polsce<br \/>\nN.II. Historyczna Prowincja Polska<br \/>\nN.III. Historyczna Prowincja \u015al\u0105ska<br \/>\nN.IV. Prowincja czeska<br \/>\nO. W\u0142adze, urz\u0119dy i instytucje \u015bwieckie<br \/>\nO.I. W\u0142adze i urz\u0119dy ministerialne i centralne<br \/>\nO.II. W\u0142adze i urz\u0119dy wojew\u00f3dzkie i powiatowe<br \/>\nO.III. Osoby indywidualne<\/li>\n<\/ol>\n            <\/div>        <\/div>    <\/div><\/section>\n<section class=\"av_toggle_section\"  itemscope=\"itemscope\" itemtype=\"https:\/\/schema.org\/CreativeWork\"  >    <div role=\"tablist\" class=\"single_toggle\" data-tags=\"{Wszystko} \"  >        <p data-fake-id=\"#toggle-id-2\" class=\"toggler \"  itemprop=\"headline\"    role=\"tab\" tabindex=\"0\" aria-controls=\"toggle-id-2\">Udost\u0119pnianie<span class=\"toggle_icon\" >        <span class=\"vert_icon\"><\/span><span class=\"hor_icon\"><\/span><\/span><\/p>        <div id=\"toggle-id-2\" class=\"toggle_wrap \"  >            <div class=\"toggle_content invers-color \"  itemprop=\"text\"   ><p>Archiwum jest czynne od poniedzia\u0142ku do pi\u0105tku w godzinach od 9.00 do 12.30 i od 15.00 do 17.30. Przyjmowanie interesant\u00f3w od poniedzia\u0142ku do pi\u0105tku w godzinach od 9.00 do 12.30 (po uprzednim uzgodnieniu z Dyrektorem lub archiwist\u0105).<\/p>\n            <\/div>        <\/div>    <\/div><\/section>\n<section class=\"av_toggle_section\"  itemscope=\"itemscope\" itemtype=\"https:\/\/schema.org\/CreativeWork\"  >    <div role=\"tablist\" class=\"single_toggle\" data-tags=\"{Wszystko} \"  >        <p data-fake-id=\"#toggle-id-3\" class=\"toggler \"  itemprop=\"headline\"    role=\"tab\" tabindex=\"0\" aria-controls=\"toggle-id-3\">Regulamin Archiwum<span class=\"toggle_icon\" >        <span class=\"vert_icon\"><\/span><span class=\"hor_icon\"><\/span><\/span><\/p>        <div id=\"toggle-id-3\" class=\"toggle_wrap \"  >            <div class=\"toggle_content invers-color \"  itemprop=\"text\"   ><p>1. Materia\u0142y archiwalne i ich udost\u0119pnianie<br \/>\n\u00a7 1. Dokumenty przechowywane w archiwum mog\u0105 by\u0107 udost\u0119pniane osobom prawnym i fizycznym, pracuj\u0105cym naukowo, w czytelni, w rozm\u00f3wnicy lub innym wyznaczonym przez archiwist\u0119 miejscu, ale wy\u0142\u0105cznie w budynku klasztoru.<br \/>\n\u00a7 2. Archiwum nie wypo\u017cycza przechowywanych dokument\u00f3w na zewn\u0105trz, w wyj\u0105tkowych wypadkach mo\u017ce to uczyni\u0107 jedynie za pozwoleniem Prowincja\u0142a.<br \/>\n\u00a7 3. Archiwum nie udost\u0119pnia dokument\u00f3w nie zinwentaryzowanych.<br \/>\n\u00a7 4. Decyzj\u0119 o udost\u0119pnieniu podejmuje ka\u017cdorazowo dyrektor archiwum lub archiwista.<br \/>\n\u00a7 5. Archiwum gromadzi dokumenty nie utajnione i utajnione.<br \/>\n\u00a7 6. Dyrektor archiwum mo\u017ce w uzasadnionych wypadkach odtajni\u0107 dokument, na pro\u015bb\u0119 indywidualnej osoby prawnej lub fizycznej i tylko dla jej potrzeb.<br \/>\n\u00a7 7. Od decyzji dyrektora archiwum przys\u0142uguje odwo\u0142anie do Prowincja\u0142a, kt\u00f3rego decyzja jest ostateczna.<br \/>\n\u00a7 8. Decyzja o utajnieniu lub odtajnieniu dokumentu jest ka\u017cdorazowo oparta na aktach prawnych obowi\u0105zuj\u0105cych wszystkie archiwa pa\u0144stwowe i ko\u015bcielne:<br \/>\na) ustawa z dnia 29 stycznia 1997 roku o ochronie danych osobowych,<br \/>\nb) ustawa z dnia 22 stycznia 1999 roku o ochronie informacji niejawnych,<br \/>\nc) ustawa z dnia 6 wrze\u015bnia 2001 roku o dost\u0119pie do informacji publicznej,<br \/>\nd) ustawa z dnia 14 lipca 1983 roku o narodowym zasobie archiwalnym.<br \/>\n2. Formalno\u015bci zwi\u0105zane z udost\u0119pnianiem dokument\u00f3w archiwalnych<br \/>\n\u00a7 1. Dokumenty archiwalne udost\u0119pnia dyrektor archiwum lub &#8211; w jego zast\u0119pstwie &#8211; archiwista.<br \/>\n\u00a7 2. Osoba prawna lub fizyczna chc\u0105ca korzysta\u0107 z zasobu archiwum powinna z\u0142o\u017cy\u0107 pro\u015bb\u0119 na odpowiednim formularzu.<br \/>\n\u00a7 3. W przedstawionej pro\u015bbie nale\u017cy poda\u0107:<br \/>\na) cel dla kt\u00f3rego chce wykorzysta\u0107 potrzebne dokumenty,<br \/>\nb) tytu\u0142 lub temat zamierzonej pracy,<br \/>\nc) zobowi\u0105zanie dostarczenia do tutejszego archiwum przynajmniej jednego egzemplarza napisanej pracy,<br \/>\nd) zobowi\u0105zanie do przestrzegania niniejszego regulaminu,<br \/>\ne) zobowi\u0105zanie do niewykorzystywania udost\u0119pnionych dokument\u00f3w przeciwko Zakonowi OO. Franciszkan\u00f3w i Ko\u015bcio\u0142owi.<br \/>\n\u00a7 4. Kopiowanie dokument\u00f3w, jak\u0105kolwiek technik\u0105, wymaga odr\u0119bnej zgody dyrektora archiwum lub archiwisty.<br \/>\n\u00a7 5. Zbiory s\u0105 udost\u0119pniane po wcze\u015bniejszym zg\u0142oszeniu.<br \/>\n3. Uprawnienia i obowi\u0105zki os\u00f3b korzystaj\u0105cych z zasobu archiwum:<br \/>\n\u00a7 1. Osoby korzystaj\u0105ce z zasob\u00f3w archiwum s\u0105 upowa\u017cnione do korzystania z jego podr\u0119cznego ksi\u0119gozbioru.<br \/>\n\u00a7 2. Dyrektor archiwum i archiwista s\u0105 zobowi\u0105zani do udzielania osobom korzystaj\u0105cym ze zbior\u00f3w ka\u017cdej mo\u017cliwej pomocy.<br \/>\n\u00a7 3. Osobom korzystaj\u0105cym ze zbior\u00f3w nie wolno zmienia\u0107 porz\u0105dku u\u0142o\u017cenia dokument\u00f3w ani dokonywa\u0107 \u017cadnych zmian w tek\u015bcie czy naniesionych sygnaturach.<br \/>\n\u00a7 4. Osoba przerywaj\u0105ca (zawieszaj\u0105ca) kwerend\u0119 lub j\u0105 ko\u0144cz\u0105ca jest zobowi\u0105zana do powiadomienia dyrektora archiwum lub archiwisty: a) w jakim stopniu skorzysta\u0142a ze zbior\u00f3w,<br \/>\nb) poinformowa\u0107 o przewidywanej wielko\u015bci przerwy w kwerendzie lub o jej zako\u0144czeniu,<br \/>\nc) zda\u0107 udost\u0119pniane dokumenty.<br \/>\n\u00a7 5. Po napisaniu pracy, a je\u017celi b\u0119dzie og\u0142oszona, to po jej og\u0142oszeniu, przekaza\u0107 przynajmniej jeden egzemplarz do archiwum.<br \/>\n4. Postanowienia ko\u0144cowe<br \/>\n\u00a7 1. Powy\u017cszy regulamin obowi\u0105zuje wszystkich korzystaj\u0105cych z zasob\u00f3w Archiwum OO. Franciszkan\u00f3w Prowincji Matki Bo\u017cej Niepokalanej.<br \/>\n\u00a7 2. Wobec os\u00f3b nie stosuj\u0105cych si\u0119 do regulaminu dyrektor archiwum lub archiwista mo\u017ce zastosowa\u0107 cz\u0119\u015bciowy lub ca\u0142kowity zakaz udost\u0119pniania zbior\u00f3w.<\/p>\n            <\/div>        <\/div>    <\/div><\/section>\n<\/div><\/div><div class=\"flex_column av_one_half  av-animated-generic bottom-to-top  flex_column_div av-zero-column-padding first  avia-builder-el-12  el_after_av_one_full  el_before_av_one_half  column-top-margin\" style='border-radius:0px; '><p><div  style='padding-bottom:0px; ' class='av-special-heading av-special-heading-h2  blockquote modern-quote  avia-builder-el-13  el_before_av_hr  avia-builder-el-first  '><h2 class='av-special-heading-tag '  itemprop=\"headline\"  >Jak nas znale\u017a\u0107<\/h2><div class='special-heading-border'><div class='special-heading-inner-border' ><\/div><\/div><\/div><br \/>\n<div  style=' margin-top:10px; margin-bottom:10px;'  class='hr hr-custom hr-left hr-icon-no   avia-builder-el-14  el_after_av_heading  el_before_av_google_map  avia-builder-el-last '><span class='hr-inner  inner-border-av-border-fat' style=' width:50px; border-color:#efbb20;' ><span class='hr-inner-style'><\/span><\/span><\/div><br \/>\n<div  class='av_gmaps_sc_main_wrap av_gmaps_main_wrap '><div id='av_gmap_0' class='avia-google-map-container avia-google-map-sc av_gmaps_show_unconditionally av-no-fallback-img ' data-mapid='av_gmap_0'  style='height: 400px;'><a class=\"av_gmaps_browser_disabled av_text_confirm_link av_text_confirm_link_visible\" href=\"https:\/\/www.google.com\/maps\/search\/?api=1&#038;query=Zakroczymska%201%20%20Warszawa%20%20Poland\" target=\"_blank\" rel=\"noopener\">Maps were disabled by the visitor on this site. Click to open the map in a new window.<\/a><\/div><\/div><\/p><\/div><\/p>\n<div class=\"flex_column av_one_half  av-animated-generic bottom-to-top  flex_column_div av-zero-column-padding   avia-builder-el-16  el_after_av_one_half  avia-builder-el-last  column-top-margin\" style='border-radius:0px; '><div  class='avia-image-container  av-styling-no-styling    avia-builder-el-17  avia-builder-el-no-sibling  avia-align-center '  itemprop=\"image\" itemscope=\"itemscope\" itemtype=\"https:\/\/schema.org\/ImageObject\"  ><div class='avia-image-container-inner'><div class='avia-image-overlay-wrap'><img decoding=\"async\" class='wp-image-3717 avia-img-lazy-loading-not-3717 avia_image' src=\"https:\/\/www.franciszkanie-warszawa.pl\/wp-content\/uploads\/2016\/01\/Klasztor_XVIII_po_1945_Warszawa_ul_Zakroczymska_1-1-495x400.jpg\" alt='' title='Klasztor_XVIII_po_1945_Warszawa_ul_Zakroczymska_1-------1' height=\"400\" width=\"495\"  itemprop=\"thumbnailUrl\" srcset=\"https:\/\/www.franciszkanie-warszawa.pl\/wp-content\/uploads\/2016\/01\/Klasztor_XVIII_po_1945_Warszawa_ul_Zakroczymska_1-1-495x400.jpg 495w, https:\/\/www.franciszkanie-warszawa.pl\/wp-content\/uploads\/2016\/01\/Klasztor_XVIII_po_1945_Warszawa_ul_Zakroczymska_1-1-845x684.jpg 845w\" sizes=\"(max-width: 495px) 100vw, 495px\" \/><\/div><\/div><\/div><\/div>\n","protected":false},"excerpt":{"rendered":"","protected":false},"author":1,"featured_media":0,"parent":0,"menu_order":0,"comment_status":"closed","ping_status":"closed","template":"","meta":{"_crdt_document":"","footnotes":""},"class_list":["post-3716","page","type-page","status-publish","hentry"],"_links":{"self":[{"href":"https:\/\/www.franciszkanie-warszawa.pl\/index.php?rest_route=\/wp\/v2\/pages\/3716","targetHints":{"allow":["GET"]}}],"collection":[{"href":"https:\/\/www.franciszkanie-warszawa.pl\/index.php?rest_route=\/wp\/v2\/pages"}],"about":[{"href":"https:\/\/www.franciszkanie-warszawa.pl\/index.php?rest_route=\/wp\/v2\/types\/page"}],"author":[{"embeddable":true,"href":"https:\/\/www.franciszkanie-warszawa.pl\/index.php?rest_route=\/wp\/v2\/users\/1"}],"replies":[{"embeddable":true,"href":"https:\/\/www.franciszkanie-warszawa.pl\/index.php?rest_route=%2Fwp%2Fv2%2Fcomments&post=3716"}],"version-history":[{"count":2,"href":"https:\/\/www.franciszkanie-warszawa.pl\/index.php?rest_route=\/wp\/v2\/pages\/3716\/revisions"}],"predecessor-version":[{"id":11224,"href":"https:\/\/www.franciszkanie-warszawa.pl\/index.php?rest_route=\/wp\/v2\/pages\/3716\/revisions\/11224"}],"wp:attachment":[{"href":"https:\/\/www.franciszkanie-warszawa.pl\/index.php?rest_route=%2Fwp%2Fv2%2Fmedia&parent=3716"}],"curies":[{"name":"wp","href":"https:\/\/api.w.org\/{rel}","templated":true}]}}