{"id":19,"date":"2015-10-15T14:50:55","date_gmt":"2015-10-15T14:50:55","guid":{"rendered":"http:\/\/wpoffice\/construction\/?page_id=9"},"modified":"2026-01-19T11:28:19","modified_gmt":"2026-01-19T10:28:19","slug":"home","status":"publish","type":"page","link":"https:\/\/www.franciszkanie-warszawa.pl\/","title":{"rendered":"Home"},"content":{"rendered":"<div id='av_section_1'  class='avia-section main_color avia-section-default avia-no-border-styling  avia-bg-style-parallax  avia-builder-el-0  el_before_av_slideshow_full  avia-builder-el-first   container_wrap fullsize' style=' '  ><div class='container' ><main  role=\"main\" itemprop=\"mainContentOfPage\"  class='template-page content  av-content-full alpha units'><div class='post-entry post-entry-type-page post-entry-19'><div class='entry-content-wrapper clearfix'>\n<div class='flex_column_table av-equal-height-column-flextable -flextable' ><div class=\"flex_column av_one_full  av-animated-generic left-to-right  flex_column_table_cell av-equal-height-column av-align-middle av-zero-column-padding first  avia-builder-el-1  avia-builder-el-no-sibling  \" style='border-radius:0px; '><div  style='padding-bottom:0px; font-size:40px;' class='av-special-heading av-special-heading-h3  blockquote modern-quote  avia-builder-el-2  avia-builder-el-no-sibling  av-inherit-size '><h3 class='av-special-heading-tag '  itemprop=\"headline\"  >Prowincja Matki Bo\u017cej Niepokalanej <\/h3><div class ='av-subheading av-subheading_below  ' style='font-size:20px;'><p>Zakonu Braci Mniejszych Konwentualnych w Warszawie<\/p>\n<\/div><div class='special-heading-border'><div class='special-heading-inner-border' ><\/div><\/div><\/div><\/div><\/div><!--close column table wrapper. Autoclose: 1 -->\n\n<\/div><\/div><\/main><!-- close content main element --><\/div><\/div><div id='full_slider_1'  class='avia-fullwidth-slider main_color avia-shadow   avia-builder-el-3  el_after_av_section  el_before_av_two_third   slider-not-first container_wrap fullsize' style=' '  ><div   data-size='entry_without_sidebar'  data-lightbox_size='large'  data-animation='slide'  data-conditional_play=''  data-ids='9303,8380,8722,9304,9305,11216'  data-video_counter='0'  data-autoplay='false'  data-bg_slider='false'  data-slide_height=''  data-handle='av_slideshow_full'  data-interval='5'  data-class=' '  data-el_id=''  data-css_id=''  data-scroll_down=''  data-control_layout='av-control-default'  data-custom_markup=''  data-perma_caption=''  data-autoplay_stopper=''  data-image_attachment=''  data-min_height='0px'  data-lazy_loading='disabled'  data-src=''  data-position='top left'  data-repeat='no-repeat'  data-attach='scroll'  data-stretch=''  data-default-height='34.95867768595'  class='avia-slideshow avia-slideshow-1  av-control-default av-default-height-applied avia-slideshow-entry_without_sidebar av_slideshow_full   avia-slide-slider '  itemprop=\"image\" itemscope=\"itemscope\" itemtype=\"https:\/\/schema.org\/ImageObject\" ><ul class='avia-slideshow-inner ' style='padding-bottom: 34.95867768595%;' ><li  class=' slide-1 ' ><div data-rel='slideshow-1' class='avia-slide-wrap '   ><img decoding=\"async\" class=\"wp-image-9303 avia-img-lazy-loading-not-9303\"  src=\"https:\/\/www.franciszkanie-warszawa.pl\/wp-content\/uploads\/2022\/10\/IMG_4761-NK-1210x423.jpg\" width=\"1210\" height=\"423\" title='IMG_4761-NK' alt=''  itemprop=\"thumbnailUrl\" srcset=\"https:\/\/www.franciszkanie-warszawa.pl\/wp-content\/uploads\/2022\/10\/IMG_4761-NK.jpg 1210w, https:\/\/www.franciszkanie-warszawa.pl\/wp-content\/uploads\/2022\/10\/IMG_4761-NK-300x105.jpg 300w, https:\/\/www.franciszkanie-warszawa.pl\/wp-content\/uploads\/2022\/10\/IMG_4761-NK-1030x360.jpg 1030w, https:\/\/www.franciszkanie-warszawa.pl\/wp-content\/uploads\/2022\/10\/IMG_4761-NK-768x268.jpg 768w, https:\/\/www.franciszkanie-warszawa.pl\/wp-content\/uploads\/2022\/10\/IMG_4761-NK-705x246.jpg 705w\" sizes=\"(max-width: 1210px) 100vw, 1210px\" \/><\/div><\/li><li  class=' slide-2 ' ><div data-rel='slideshow-1' class='avia-slide-wrap '   ><img decoding=\"async\" class=\"wp-image-8380 avia-img-lazy-loading-not-8380\"  src=\"https:\/\/www.franciszkanie-warszawa.pl\/wp-content\/uploads\/2021\/06\/margaretki-niepokalanow-kwi-1600x100-clear-1210x423.jpg\" width=\"1210\" height=\"423\" title='margaretki-niepokalanow-kwi-1600x100-clear' alt=''  itemprop=\"thumbnailUrl\"   \/><\/div><\/li><li  class=' slide-3 ' ><div data-rel='slideshow-1' class='avia-slide-wrap '   ><img decoding=\"async\" class=\"wp-image-8722 avia-img-lazy-loading-not-8722\"  src=\"https:\/\/www.franciszkanie-warszawa.pl\/wp-content\/uploads\/2021\/09\/poswiecenie-kosciola-238-1210x423.jpg\" width=\"1210\" height=\"423\" title='po\u015bwi\u0119cenie ko\u015bcio\u0142a (238)' alt=''  itemprop=\"thumbnailUrl\"   \/><\/div><\/li><li  class=' slide-4 ' ><div data-rel='slideshow-1' class='avia-slide-wrap '   ><img decoding=\"async\" class=\"wp-image-9304 avia-img-lazy-loading-not-9304\"  src=\"https:\/\/www.franciszkanie-warszawa.pl\/wp-content\/uploads\/2022\/10\/IMG_4763-WF-1210x423.jpg\" width=\"1210\" height=\"423\" title='IMG_4763-WF' alt=''  itemprop=\"thumbnailUrl\" srcset=\"https:\/\/www.franciszkanie-warszawa.pl\/wp-content\/uploads\/2022\/10\/IMG_4763-WF.jpg 1210w, https:\/\/www.franciszkanie-warszawa.pl\/wp-content\/uploads\/2022\/10\/IMG_4763-WF-300x105.jpg 300w, https:\/\/www.franciszkanie-warszawa.pl\/wp-content\/uploads\/2022\/10\/IMG_4763-WF-1030x360.jpg 1030w, https:\/\/www.franciszkanie-warszawa.pl\/wp-content\/uploads\/2022\/10\/IMG_4763-WF-768x268.jpg 768w, https:\/\/www.franciszkanie-warszawa.pl\/wp-content\/uploads\/2022\/10\/IMG_4763-WF-705x246.jpg 705w\" sizes=\"(max-width: 1210px) 100vw, 1210px\" \/><\/div><\/li><li  class=' slide-5 ' ><div data-rel='slideshow-1' class='avia-slide-wrap '   ><img decoding=\"async\" class=\"wp-image-9305 avia-img-lazy-loading-not-9305\"  src=\"https:\/\/www.franciszkanie-warszawa.pl\/wp-content\/uploads\/2022\/10\/IMG_4764-RE-1210x423.jpg\" width=\"1210\" height=\"423\" title='IMG_4764-RE' alt=''  itemprop=\"thumbnailUrl\" srcset=\"https:\/\/www.franciszkanie-warszawa.pl\/wp-content\/uploads\/2022\/10\/IMG_4764-RE.jpg 1210w, https:\/\/www.franciszkanie-warszawa.pl\/wp-content\/uploads\/2022\/10\/IMG_4764-RE-300x105.jpg 300w, https:\/\/www.franciszkanie-warszawa.pl\/wp-content\/uploads\/2022\/10\/IMG_4764-RE-1030x360.jpg 1030w, https:\/\/www.franciszkanie-warszawa.pl\/wp-content\/uploads\/2022\/10\/IMG_4764-RE-768x268.jpg 768w, https:\/\/www.franciszkanie-warszawa.pl\/wp-content\/uploads\/2022\/10\/IMG_4764-RE-705x246.jpg 705w\" sizes=\"(max-width: 1210px) 100vw, 1210px\" \/><\/div><\/li><li  class=' slide-6 ' ><div data-rel='slideshow-1' class='avia-slide-wrap '   ><img decoding=\"async\" class=\"wp-image-11216 avia-img-lazy-loading-not-11216\"  src=\"https:\/\/www.franciszkanie-warszawa.pl\/wp-content\/uploads\/2026\/01\/ChatGPT-Image-19-sty-2026-o-11_21_20-1210x423.png\" width=\"1210\" height=\"423\" title='ChatGPT Image 19 sty 2026 o 11_21_20' alt=''  itemprop=\"thumbnailUrl\"   \/><\/div><\/li><\/ul><div class='avia-slideshow-arrows avia-slideshow-controls'><a href='#prev' class='prev-slide' aria-hidden='true' data-av_icon='\ue87c' data-av_iconfont='entypo-fontello'>Previous<\/a><a href='#next' class='next-slide' aria-hidden='true' data-av_icon='\ue87d' data-av_iconfont='entypo-fontello'>Next<\/a><\/div><div class='avia-slideshow-dots avia-slideshow-controls'><a href='#1' class='goto-slide active' >1<\/a><a href='#2' class='goto-slide ' >2<\/a><a href='#3' class='goto-slide ' >3<\/a><a href='#4' class='goto-slide ' >4<\/a><a href='#5' class='goto-slide ' >5<\/a><a href='#6' class='goto-slide ' >6<\/a><\/div><\/div><\/div><div id='after_full_slider_1'  class='main_color av_default_container_wrap container_wrap fullsize' style=' '  ><div class='container' ><div class='template-page content  av-content-full alpha units'><div class='post-entry post-entry-type-page post-entry-19'><div class='entry-content-wrapper clearfix'>\n<div class=\"flex_column av_two_third  flex_column_div av-zero-column-padding first  avia-builder-el-4  el_after_av_slideshow_full  el_before_av_one_third  avia-builder-el-first  \" style='border-radius:0px; '><p><div  id=\"1\"  class='av-magazine   avia-builder-el-5  el_before_av_magazine  avia-builder-el-first   av-magazine-top-bar-active av-magazine-tabs-active' ><div class='av-magazine-top-bar ' ><a href='https:\/\/www.franciszkanie-warszawa.pl\/?cat=56' class='av-magazine-top-heading '>Z \u017cycia Prowincji<\/a><\/div><div class='av-magazine-group sort_all'><article class='av-magazine-entry av-magazine-entry-id-11227 av-magazine-format-standard av-magazine-type-post av-magazine-entry-1 av-magazine-entry-small '  itemscope=\"itemscope\" itemtype=\"https:\/\/schema.org\/CreativeWork\" ><div class='av-magazine-thumbnail'><a href='https:\/\/www.franciszkanie-warszawa.pl\/?p=11227' title='Link to: Obchody 85. rocznicy aresztowania przez Niemc\u00f3w o. Maksymiliana Kolbego' class='iconfont av-magazine-entry-icon' aria-hidden='true' data-av_icon='\ue836' data-av_iconfont='entypo-fontello'><\/a><\/div><div class='av-magazine-content-wrap'><header class='entry-content-header'><time class='av-magazine-time updated'  itemprop=\"datePublished\" datetime=\"2026-03-03T12:06:51+01:00\" >3 marca 2026<\/time><h3 class='av-magazine-title entry-title '  itemprop=\"headline\" ><a href='https:\/\/www.franciszkanie-warszawa.pl\/?p=11227' title='Link to: Obchody 85. rocznicy aresztowania przez Niemc\u00f3w o. Maksymiliana Kolbego'>Obchody 85. rocznicy aresztowania przez Niemc\u00f3w o. Maksymiliana Kolbego<\/a><\/h3><\/header><\/div><footer class='entry-footer'><\/footer><\/article><article class='av-magazine-entry av-magazine-entry-id-11206 av-magazine-format-standard av-magazine-type-post av-magazine-entry-2 av-magazine-entry-small '  itemscope=\"itemscope\" itemtype=\"https:\/\/schema.org\/CreativeWork\" ><div class='av-magazine-thumbnail'><a href='https:\/\/www.franciszkanie-warszawa.pl\/?p=11206' title='Link to: Rok \u0142aski na \u015bladach \u015bw. Franciszka: papie\u017c Leon XIV udziela odpustu zupe\u0142nego przez ca\u0142y rok 2026' class='av-magazine-thumbnail-link '><img loading=\"lazy\" decoding=\"async\" width=\"80\" height=\"80\" src=\"https:\/\/www.franciszkanie-warszawa.pl\/wp-content\/uploads\/2026\/01\/d-04-01-26-01-1-2-80x80.jpg\" class=\"wp-image-11208 avia-img-lazy-loading-11208 attachment-thumbnail size-thumbnail wp-post-image\" alt=\"\" srcset=\"https:\/\/www.franciszkanie-warszawa.pl\/wp-content\/uploads\/2026\/01\/d-04-01-26-01-1-2-80x80.jpg 80w, https:\/\/www.franciszkanie-warszawa.pl\/wp-content\/uploads\/2026\/01\/d-04-01-26-01-1-2-36x36.jpg 36w, https:\/\/www.franciszkanie-warszawa.pl\/wp-content\/uploads\/2026\/01\/d-04-01-26-01-1-2-180x180.jpg 180w\" sizes=\"auto, (max-width: 80px) 100vw, 80px\" \/><\/a><\/div><div class='av-magazine-content-wrap'><header class='entry-content-header'><time class='av-magazine-time updated'  itemprop=\"datePublished\" datetime=\"2026-01-10T16:29:31+01:00\" >10 stycznia 2026<\/time><h3 class='av-magazine-title entry-title '  itemprop=\"headline\" ><a href='https:\/\/www.franciszkanie-warszawa.pl\/?p=11206' title='Link to: Rok \u0142aski na \u015bladach \u015bw. Franciszka: papie\u017c Leon XIV udziela odpustu zupe\u0142nego przez ca\u0142y rok 2026'>Rok \u0142aski na \u015bladach \u015bw. Franciszka: papie\u017c Leon XIV udziela odpustu zupe\u0142nego przez ca\u0142y rok 2026<\/a><\/h3><\/header><\/div><footer class='entry-footer'><\/footer><\/article><article class='av-magazine-entry av-magazine-entry-id-11163 av-magazine-format-standard av-magazine-type-post av-magazine-entry-3 av-magazine-entry-small '  itemscope=\"itemscope\" itemtype=\"https:\/\/schema.org\/CreativeWork\" ><div class='av-magazine-thumbnail'><a href='https:\/\/www.franciszkanie-warszawa.pl\/?p=11163' title='Link to: Jubileusz Pie\u015bni s\u0142onecznej w Burkina Faso: pok\u00f3j, braterstwo i troska o stworzenie' class='av-magazine-thumbnail-link '><img loading=\"lazy\" decoding=\"async\" width=\"80\" height=\"80\" src=\"https:\/\/www.franciszkanie-warszawa.pl\/wp-content\/uploads\/2026\/01\/sinphonie-franciscaine-80x80.jpg\" class=\"wp-image-11180 avia-img-lazy-loading-11180 attachment-thumbnail size-thumbnail wp-post-image\" alt=\"\" srcset=\"https:\/\/www.franciszkanie-warszawa.pl\/wp-content\/uploads\/2026\/01\/sinphonie-franciscaine-80x80.jpg 80w, https:\/\/www.franciszkanie-warszawa.pl\/wp-content\/uploads\/2026\/01\/sinphonie-franciscaine-36x36.jpg 36w, https:\/\/www.franciszkanie-warszawa.pl\/wp-content\/uploads\/2026\/01\/sinphonie-franciscaine-180x180.jpg 180w\" sizes=\"auto, (max-width: 80px) 100vw, 80px\" \/><\/a><\/div><div class='av-magazine-content-wrap'><header class='entry-content-header'><time class='av-magazine-time updated'  itemprop=\"datePublished\" datetime=\"2026-01-10T15:53:17+01:00\" >10 stycznia 2026<\/time><h3 class='av-magazine-title entry-title '  itemprop=\"headline\" ><a href='https:\/\/www.franciszkanie-warszawa.pl\/?p=11163' title='Link to: Jubileusz Pie\u015bni s\u0142onecznej w Burkina Faso: pok\u00f3j, braterstwo i troska o stworzenie'>Jubileusz Pie\u015bni s\u0142onecznej w Burkina Faso: pok\u00f3j, braterstwo i troska o stworzenie<\/a><\/h3><\/header><\/div><footer class='entry-footer'><\/footer><\/article><article class='av-magazine-entry av-magazine-entry-id-11118 av-magazine-format-standard av-magazine-type-post av-magazine-entry-4 av-magazine-entry-small '  itemscope=\"itemscope\" itemtype=\"https:\/\/schema.org\/CreativeWork\" ><div class='av-magazine-thumbnail'><a href='https:\/\/www.franciszkanie-warszawa.pl\/?p=11118' title='Link to: \u015aluby wieczyste w \u0141agiewnikach' class='iconfont av-magazine-entry-icon' aria-hidden='true' data-av_icon='\ue836' data-av_iconfont='entypo-fontello'><\/a><\/div><div class='av-magazine-content-wrap'><header class='entry-content-header'><time class='av-magazine-time updated'  itemprop=\"datePublished\" datetime=\"2025-12-10T15:40:32+01:00\" >10 grudnia 2025<\/time><h3 class='av-magazine-title entry-title '  itemprop=\"headline\" ><a href='https:\/\/www.franciszkanie-warszawa.pl\/?p=11118' title='Link to: \u015aluby wieczyste w \u0141agiewnikach'>\u015aluby wieczyste w \u0141agiewnikach<\/a><\/h3><\/header><\/div><footer class='entry-footer'><\/footer><\/article><article class='av-magazine-entry av-magazine-entry-id-11091 av-magazine-format-standard av-magazine-type-post av-magazine-entry-5 av-magazine-entry-small '  itemscope=\"itemscope\" itemtype=\"https:\/\/schema.org\/CreativeWork\" ><div class='av-magazine-thumbnail'><a href='https:\/\/www.franciszkanie-warszawa.pl\/?p=11091' title='Link to: Konsekracja franciszka\u0144skiego ko\u015bcio\u0142a w Siedlcach' class='av-magazine-thumbnail-link '><img loading=\"lazy\" decoding=\"async\" width=\"80\" height=\"80\" src=\"https:\/\/www.franciszkanie-warszawa.pl\/wp-content\/uploads\/2025\/12\/mg-3876_n-80x80.jpg\" class=\"wp-image-11092 avia-img-lazy-loading-11092 attachment-thumbnail size-thumbnail wp-post-image\" alt=\"\" srcset=\"https:\/\/www.franciszkanie-warszawa.pl\/wp-content\/uploads\/2025\/12\/mg-3876_n-80x80.jpg 80w, https:\/\/www.franciszkanie-warszawa.pl\/wp-content\/uploads\/2025\/12\/mg-3876_n-36x36.jpg 36w, https:\/\/www.franciszkanie-warszawa.pl\/wp-content\/uploads\/2025\/12\/mg-3876_n-180x180.jpg 180w\" sizes=\"auto, (max-width: 80px) 100vw, 80px\" \/><\/a><\/div><div class='av-magazine-content-wrap'><header class='entry-content-header'><time class='av-magazine-time updated'  itemprop=\"datePublished\" datetime=\"2025-12-06T20:05:08+01:00\" >6 grudnia 2025<\/time><h3 class='av-magazine-title entry-title '  itemprop=\"headline\" ><a href='https:\/\/www.franciszkanie-warszawa.pl\/?p=11091' title='Link to: Konsekracja franciszka\u0144skiego ko\u015bcio\u0142a w Siedlcach'>Konsekracja franciszka\u0144skiego ko\u015bcio\u0142a w Siedlcach<\/a><\/h3><\/header><\/div><footer class='entry-footer'><\/footer><\/article><\/div><\/div><br \/>\n<div  id=\"2\"  class='av-magazine   avia-builder-el-6  el_after_av_magazine  el_before_av_magazine   av-magazine-top-bar-active av-magazine-tabs-active' ><div class='av-magazine-top-bar ' ><a href='https:\/\/www.franciszkanie-warszawa.pl\/?cat=55' class='av-magazine-top-heading '>Nekrologi<\/a><\/div><div class='av-magazine-group sort_all'><article class='av-magazine-entry av-magazine-entry-id-11100 av-magazine-format-standard av-magazine-type-post av-magazine-entry-1 av-magazine-entry-small '  itemscope=\"itemscope\" itemtype=\"https:\/\/schema.org\/CreativeWork\" ><div class='av-magazine-thumbnail'><a href='https:\/\/www.franciszkanie-warszawa.pl\/?p=11100' title='Link to: \u015ap. o. Micha\u0142 Krajewski (1970-2025)' class='av-magazine-thumbnail-link '><img loading=\"lazy\" decoding=\"async\" width=\"80\" height=\"80\" src=\"https:\/\/www.franciszkanie-warszawa.pl\/wp-content\/uploads\/2025\/12\/img77-80x80.jpg\" class=\"wp-image-11101 avia-img-lazy-loading-11101 attachment-thumbnail size-thumbnail wp-post-image\" alt=\"\" srcset=\"https:\/\/www.franciszkanie-warszawa.pl\/wp-content\/uploads\/2025\/12\/img77-80x80.jpg 80w, https:\/\/www.franciszkanie-warszawa.pl\/wp-content\/uploads\/2025\/12\/img77-36x36.jpg 36w, https:\/\/www.franciszkanie-warszawa.pl\/wp-content\/uploads\/2025\/12\/img77-180x180.jpg 180w\" sizes=\"auto, (max-width: 80px) 100vw, 80px\" \/><\/a><\/div><div class='av-magazine-content-wrap'><header class='entry-content-header'><time class='av-magazine-time updated'  itemprop=\"datePublished\" datetime=\"2025-12-09T12:02:03+01:00\" >9 grudnia 2025<\/time><h3 class='av-magazine-title entry-title '  itemprop=\"headline\" ><a href='https:\/\/www.franciszkanie-warszawa.pl\/?p=11100' title='Link to: \u015ap. o. Micha\u0142 Krajewski (1970-2025)'>\u015ap. o. Micha\u0142 Krajewski (1970-2025)<\/a><\/h3><\/header><\/div><footer class='entry-footer'><\/footer><\/article><article class='av-magazine-entry av-magazine-entry-id-11080 av-magazine-format-standard av-magazine-type-post av-magazine-entry-2 av-magazine-entry-small '  itemscope=\"itemscope\" itemtype=\"https:\/\/schema.org\/CreativeWork\" ><div class='av-magazine-thumbnail'><a href='https:\/\/www.franciszkanie-warszawa.pl\/?p=11080' title='Link to: \u015ap. br. J\u00f3zef Zgli\u0144ski (1954-2025)' class='av-magazine-thumbnail-link '><img loading=\"lazy\" decoding=\"async\" width=\"80\" height=\"80\" src=\"https:\/\/www.franciszkanie-warszawa.pl\/wp-content\/uploads\/2025\/11\/Bez-tytulu-80x80.jpg\" class=\"wp-image-11088 avia-img-lazy-loading-11088 attachment-thumbnail size-thumbnail wp-post-image\" alt=\"\" srcset=\"https:\/\/www.franciszkanie-warszawa.pl\/wp-content\/uploads\/2025\/11\/Bez-tytulu-80x80.jpg 80w, https:\/\/www.franciszkanie-warszawa.pl\/wp-content\/uploads\/2025\/11\/Bez-tytulu-36x36.jpg 36w, https:\/\/www.franciszkanie-warszawa.pl\/wp-content\/uploads\/2025\/11\/Bez-tytulu-180x180.jpg 180w\" sizes=\"auto, (max-width: 80px) 100vw, 80px\" \/><\/a><\/div><div class='av-magazine-content-wrap'><header class='entry-content-header'><time class='av-magazine-time updated'  itemprop=\"datePublished\" datetime=\"2025-11-20T05:42:49+01:00\" >20 listopada 2025<\/time><h3 class='av-magazine-title entry-title '  itemprop=\"headline\" ><a href='https:\/\/www.franciszkanie-warszawa.pl\/?p=11080' title='Link to: \u015ap. br. J\u00f3zef Zgli\u0144ski (1954-2025)'>\u015ap. br. J\u00f3zef Zgli\u0144ski (1954-2025)<\/a><\/h3><\/header><\/div><footer class='entry-footer'><\/footer><\/article><article class='av-magazine-entry av-magazine-entry-id-11027 av-magazine-format-standard av-magazine-type-post av-magazine-entry-3 av-magazine-entry-small '  itemscope=\"itemscope\" itemtype=\"https:\/\/schema.org\/CreativeWork\" ><div class='av-magazine-thumbnail'><a href='https:\/\/www.franciszkanie-warszawa.pl\/?p=11027' title='Link to: \u015ap. bp Jan Kazimierz Wilk (1951-2025)' class='av-magazine-thumbnail-link '><img loading=\"lazy\" decoding=\"async\" width=\"80\" height=\"80\" src=\"https:\/\/www.franciszkanie-warszawa.pl\/wp-content\/uploads\/2025\/11\/Bez-tytulu-80x80.png\" class=\"wp-image-11077 avia-img-lazy-loading-11077 attachment-thumbnail size-thumbnail wp-post-image\" alt=\"\" srcset=\"https:\/\/www.franciszkanie-warszawa.pl\/wp-content\/uploads\/2025\/11\/Bez-tytulu-80x80.png 80w, https:\/\/www.franciszkanie-warszawa.pl\/wp-content\/uploads\/2025\/11\/Bez-tytulu-36x36.png 36w, https:\/\/www.franciszkanie-warszawa.pl\/wp-content\/uploads\/2025\/11\/Bez-tytulu-180x180.png 180w\" sizes=\"auto, (max-width: 80px) 100vw, 80px\" \/><\/a><\/div><div class='av-magazine-content-wrap'><header class='entry-content-header'><time class='av-magazine-time updated'  itemprop=\"datePublished\" datetime=\"2025-11-13T21:12:29+01:00\" >13 listopada 2025<\/time><h3 class='av-magazine-title entry-title '  itemprop=\"headline\" ><a href='https:\/\/www.franciszkanie-warszawa.pl\/?p=11027' title='Link to: \u015ap. bp Jan Kazimierz Wilk (1951-2025)'>\u015ap. bp Jan Kazimierz Wilk (1951-2025)<\/a><\/h3><\/header><\/div><footer class='entry-footer'><\/footer><\/article><article class='av-magazine-entry av-magazine-entry-id-10994 av-magazine-format-standard av-magazine-type-post av-magazine-entry-4 av-magazine-entry-small '  itemscope=\"itemscope\" itemtype=\"https:\/\/schema.org\/CreativeWork\" ><div class='av-magazine-thumbnail'><a href='https:\/\/www.franciszkanie-warszawa.pl\/?p=10994' title='Link to: \u015ap. o. Stanis\u0142aw Pi\u0119tka (1953-2025' class='av-magazine-thumbnail-link '><img loading=\"lazy\" decoding=\"async\" width=\"80\" height=\"80\" src=\"https:\/\/www.franciszkanie-warszawa.pl\/wp-content\/uploads\/2025\/11\/o-Stanislaw-Pietka-news-80x80.jpg\" class=\"wp-image-11001 avia-img-lazy-loading-11001 attachment-thumbnail size-thumbnail wp-post-image\" alt=\"\" srcset=\"https:\/\/www.franciszkanie-warszawa.pl\/wp-content\/uploads\/2025\/11\/o-Stanislaw-Pietka-news-80x80.jpg 80w, https:\/\/www.franciszkanie-warszawa.pl\/wp-content\/uploads\/2025\/11\/o-Stanislaw-Pietka-news-36x36.jpg 36w, https:\/\/www.franciszkanie-warszawa.pl\/wp-content\/uploads\/2025\/11\/o-Stanislaw-Pietka-news-180x180.jpg 180w\" sizes=\"auto, (max-width: 80px) 100vw, 80px\" \/><\/a><\/div><div class='av-magazine-content-wrap'><header class='entry-content-header'><time class='av-magazine-time updated'  itemprop=\"datePublished\" datetime=\"2025-11-13T19:45:53+01:00\" >13 listopada 2025<\/time><h3 class='av-magazine-title entry-title '  itemprop=\"headline\" ><a href='https:\/\/www.franciszkanie-warszawa.pl\/?p=10994' title='Link to: \u015ap. o. Stanis\u0142aw Pi\u0119tka (1953-2025'>\u015ap. o. Stanis\u0142aw Pi\u0119tka (1953-2025<\/a><\/h3><\/header><\/div><footer class='entry-footer'><\/footer><\/article><article class='av-magazine-entry av-magazine-entry-id-11003 av-magazine-format-standard av-magazine-type-post av-magazine-entry-5 av-magazine-entry-small '  itemscope=\"itemscope\" itemtype=\"https:\/\/schema.org\/CreativeWork\" ><div class='av-magazine-thumbnail'><a href='https:\/\/www.franciszkanie-warszawa.pl\/?p=11003' title='Link to: \u015ap. o. Leszek Kowalik (1955-2025)' class='av-magazine-thumbnail-link '><img loading=\"lazy\" decoding=\"async\" width=\"80\" height=\"80\" src=\"https:\/\/www.franciszkanie-warszawa.pl\/wp-content\/uploads\/2025\/11\/o_leszek.jpg-80x80.webp\" class=\"wp-image-10995 avia-img-lazy-loading-10995 attachment-thumbnail size-thumbnail wp-post-image\" alt=\"\" srcset=\"https:\/\/www.franciszkanie-warszawa.pl\/wp-content\/uploads\/2025\/11\/o_leszek.jpg-80x80.webp 80w, https:\/\/www.franciszkanie-warszawa.pl\/wp-content\/uploads\/2025\/11\/o_leszek.jpg-36x36.webp 36w, https:\/\/www.franciszkanie-warszawa.pl\/wp-content\/uploads\/2025\/11\/o_leszek.jpg-180x180.webp 180w\" sizes=\"auto, (max-width: 80px) 100vw, 80px\" \/><\/a><\/div><div class='av-magazine-content-wrap'><header class='entry-content-header'><time class='av-magazine-time updated'  itemprop=\"datePublished\" datetime=\"2025-11-09T21:25:41+01:00\" >9 listopada 2025<\/time><h3 class='av-magazine-title entry-title '  itemprop=\"headline\" ><a href='https:\/\/www.franciszkanie-warszawa.pl\/?p=11003' title='Link to: \u015ap. o. Leszek Kowalik (1955-2025)'>\u015ap. o. Leszek Kowalik (1955-2025)<\/a><\/h3><\/header><\/div><footer class='entry-footer'><\/footer><\/article><\/div><\/div><br \/>\n<div  id=\"3\"  class='av-magazine   avia-builder-el-7  el_after_av_magazine  el_before_av_heading   av-magazine-top-bar-active av-magazine-tabs-active' ><div class='av-magazine-top-bar ' ><a href='https:\/\/www.franciszkanie-warszawa.pl\/?cat=57' class='av-magazine-top-heading '>Ocali\u0107 w pami\u0119ci\u2026<\/a><\/div><div class='av-magazine-group sort_all'><article class='av-magazine-entry av-magazine-entry-id-7943 av-magazine-format-standard av-magazine-type-post av-magazine-entry-1 av-magazine-entry-small '  itemscope=\"itemscope\" itemtype=\"https:\/\/schema.org\/CreativeWork\" ><div class='av-magazine-thumbnail'><a href='https:\/\/www.franciszkanie-warszawa.pl\/?p=7943' title='Link to: Wychowawca z powo\u0142ania \u2013 o. Augustyn Pamfil (1919-1947)' class='av-magazine-thumbnail-link '><img loading=\"lazy\" decoding=\"async\" width=\"80\" height=\"80\" src=\"https:\/\/www.franciszkanie-warszawa.pl\/wp-content\/uploads\/2020\/04\/krzyz-tau-drewno-oliwne-metal-pozlacany-19-5cm-80x80.jpg\" class=\"wp-image-8367 avia-img-lazy-loading-8367 attachment-thumbnail size-thumbnail wp-post-image\" alt=\"\" srcset=\"https:\/\/www.franciszkanie-warszawa.pl\/wp-content\/uploads\/2020\/04\/krzyz-tau-drewno-oliwne-metal-pozlacany-19-5cm-80x80.jpg 80w, https:\/\/www.franciszkanie-warszawa.pl\/wp-content\/uploads\/2020\/04\/krzyz-tau-drewno-oliwne-metal-pozlacany-19-5cm-36x36.jpg 36w, https:\/\/www.franciszkanie-warszawa.pl\/wp-content\/uploads\/2020\/04\/krzyz-tau-drewno-oliwne-metal-pozlacany-19-5cm-180x180.jpg 180w, https:\/\/www.franciszkanie-warszawa.pl\/wp-content\/uploads\/2020\/04\/krzyz-tau-drewno-oliwne-metal-pozlacany-19-5cm-e1623749276687.jpg 100w\" sizes=\"auto, (max-width: 80px) 100vw, 80px\" \/><\/a><\/div><div class='av-magazine-content-wrap'><header class='entry-content-header'><time class='av-magazine-time updated'  itemprop=\"datePublished\" datetime=\"2020-04-24T20:51:38+02:00\" >24 kwietnia 2020<\/time><h3 class='av-magazine-title entry-title '  itemprop=\"headline\" ><a href='https:\/\/www.franciszkanie-warszawa.pl\/?p=7943' title='Link to: Wychowawca z powo\u0142ania \u2013 o. Augustyn Pamfil (1919-1947)'>Wychowawca z powo\u0142ania \u2013 o. Augustyn Pamfil (1919-1947)<\/a><\/h3><\/header><\/div><footer class='entry-footer'><\/footer><\/article><article class='av-magazine-entry av-magazine-entry-id-7794 av-magazine-format-standard av-magazine-type-post av-magazine-entry-2 av-magazine-entry-small '  itemscope=\"itemscope\" itemtype=\"https:\/\/schema.org\/CreativeWork\" ><div class='av-magazine-thumbnail'><a href='https:\/\/www.franciszkanie-warszawa.pl\/?p=7794' title='Link to: TAK SI\u0118 ZACZ\u0118\u0141A WIELKA PRZYGODA \u017bYCIA Wspomnienia o. Jana Waleriana Hernika, franciszkanina' class='av-magazine-thumbnail-link '><img loading=\"lazy\" decoding=\"async\" width=\"80\" height=\"80\" src=\"https:\/\/www.franciszkanie-warszawa.pl\/wp-content\/uploads\/2020\/04\/krzyz-tau-drewno-oliwne-metal-pozlacany-19-5cm-80x80.jpg\" class=\"wp-image-8367 avia-img-lazy-loading-8367 attachment-thumbnail size-thumbnail wp-post-image\" alt=\"\" srcset=\"https:\/\/www.franciszkanie-warszawa.pl\/wp-content\/uploads\/2020\/04\/krzyz-tau-drewno-oliwne-metal-pozlacany-19-5cm-80x80.jpg 80w, https:\/\/www.franciszkanie-warszawa.pl\/wp-content\/uploads\/2020\/04\/krzyz-tau-drewno-oliwne-metal-pozlacany-19-5cm-36x36.jpg 36w, https:\/\/www.franciszkanie-warszawa.pl\/wp-content\/uploads\/2020\/04\/krzyz-tau-drewno-oliwne-metal-pozlacany-19-5cm-180x180.jpg 180w, https:\/\/www.franciszkanie-warszawa.pl\/wp-content\/uploads\/2020\/04\/krzyz-tau-drewno-oliwne-metal-pozlacany-19-5cm-e1623749276687.jpg 100w\" sizes=\"auto, (max-width: 80px) 100vw, 80px\" \/><\/a><\/div><div class='av-magazine-content-wrap'><header class='entry-content-header'><time class='av-magazine-time updated'  itemprop=\"datePublished\" datetime=\"2018-12-21T22:45:11+01:00\" >21 grudnia 2018<\/time><h3 class='av-magazine-title entry-title '  itemprop=\"headline\" ><a href='https:\/\/www.franciszkanie-warszawa.pl\/?p=7794' title='Link to: TAK SI\u0118 ZACZ\u0118\u0141A WIELKA PRZYGODA \u017bYCIA Wspomnienia o. Jana Waleriana Hernika, franciszkanina'>TAK SI\u0118 ZACZ\u0118\u0141A WIELKA PRZYGODA \u017bYCIA Wspomnienia o. Jana Waleriana Hernika, franciszkanina<\/a><\/h3><\/header><\/div><footer class='entry-footer'><\/footer><\/article><article class='av-magazine-entry av-magazine-entry-id-7764 av-magazine-format-standard av-magazine-type-post av-magazine-entry-3 av-magazine-entry-small '  itemscope=\"itemscope\" itemtype=\"https:\/\/schema.org\/CreativeWork\" ><div class='av-magazine-thumbnail'><a href='https:\/\/www.franciszkanie-warszawa.pl\/?p=7764' title='Link to: Wz\u00f3r prze\u0142o\u017ce\u0144stwa \u2013 o. Maurycy Madzurek (1884-1945)' class='av-magazine-thumbnail-link '><img loading=\"lazy\" decoding=\"async\" width=\"80\" height=\"80\" src=\"https:\/\/www.franciszkanie-warszawa.pl\/wp-content\/uploads\/2018\/08\/o.-Maurycy-Madzurek2-80x80.jpg\" class=\"wp-image-7765 avia-img-lazy-loading-7765 attachment-thumbnail size-thumbnail wp-post-image\" alt=\"\" srcset=\"https:\/\/www.franciszkanie-warszawa.pl\/wp-content\/uploads\/2018\/08\/o.-Maurycy-Madzurek2-80x80.jpg 80w, https:\/\/www.franciszkanie-warszawa.pl\/wp-content\/uploads\/2018\/08\/o.-Maurycy-Madzurek2-36x36.jpg 36w, https:\/\/www.franciszkanie-warszawa.pl\/wp-content\/uploads\/2018\/08\/o.-Maurycy-Madzurek2-180x180.jpg 180w, https:\/\/www.franciszkanie-warszawa.pl\/wp-content\/uploads\/2018\/08\/o.-Maurycy-Madzurek2-120x120.jpg 120w, https:\/\/www.franciszkanie-warszawa.pl\/wp-content\/uploads\/2018\/08\/o.-Maurycy-Madzurek2-450x450.jpg 450w\" sizes=\"auto, (max-width: 80px) 100vw, 80px\" \/><\/a><\/div><div class='av-magazine-content-wrap'><header class='entry-content-header'><time class='av-magazine-time updated'  itemprop=\"datePublished\" datetime=\"2018-08-13T16:51:36+02:00\" >13 sierpnia 2018<\/time><h3 class='av-magazine-title entry-title '  itemprop=\"headline\" ><a href='https:\/\/www.franciszkanie-warszawa.pl\/?p=7764' title='Link to: Wz\u00f3r prze\u0142o\u017ce\u0144stwa \u2013 o. Maurycy Madzurek (1884-1945)'>Wz\u00f3r prze\u0142o\u017ce\u0144stwa \u2013 o. Maurycy Madzurek (1884-1945)<\/a><\/h3><\/header><\/div><footer class='entry-footer'><\/footer><\/article><article class='av-magazine-entry av-magazine-entry-id-7758 av-magazine-format-standard av-magazine-type-post av-magazine-entry-4 av-magazine-entry-small '  itemscope=\"itemscope\" itemtype=\"https:\/\/schema.org\/CreativeWork\" ><div class='av-magazine-thumbnail'><a href='https:\/\/www.franciszkanie-warszawa.pl\/?p=7758' title='Link to: Nestor prowincji warszawskiej \u2013 o. Szymon \u0141a\u015b (1865-1944)' class='av-magazine-thumbnail-link '><img loading=\"lazy\" decoding=\"async\" width=\"80\" height=\"80\" src=\"https:\/\/www.franciszkanie-warszawa.pl\/wp-content\/uploads\/2018\/08\/O.-Szymon-z-kapitua-prowincjalna-w-1939-roku-siedzi-drugi-z-lewej-copy-80x80.jpg\" class=\"wp-image-7760 avia-img-lazy-loading-7760 attachment-thumbnail size-thumbnail wp-post-image\" alt=\"\" srcset=\"https:\/\/www.franciszkanie-warszawa.pl\/wp-content\/uploads\/2018\/08\/O.-Szymon-z-kapitua-prowincjalna-w-1939-roku-siedzi-drugi-z-lewej-copy-80x80.jpg 80w, https:\/\/www.franciszkanie-warszawa.pl\/wp-content\/uploads\/2018\/08\/O.-Szymon-z-kapitua-prowincjalna-w-1939-roku-siedzi-drugi-z-lewej-copy-36x36.jpg 36w, https:\/\/www.franciszkanie-warszawa.pl\/wp-content\/uploads\/2018\/08\/O.-Szymon-z-kapitua-prowincjalna-w-1939-roku-siedzi-drugi-z-lewej-copy-180x180.jpg 180w, https:\/\/www.franciszkanie-warszawa.pl\/wp-content\/uploads\/2018\/08\/O.-Szymon-z-kapitua-prowincjalna-w-1939-roku-siedzi-drugi-z-lewej-copy-120x120.jpg 120w, https:\/\/www.franciszkanie-warszawa.pl\/wp-content\/uploads\/2018\/08\/O.-Szymon-z-kapitua-prowincjalna-w-1939-roku-siedzi-drugi-z-lewej-copy-450x450.jpg 450w\" sizes=\"auto, (max-width: 80px) 100vw, 80px\" \/><\/a><\/div><div class='av-magazine-content-wrap'><header class='entry-content-header'><time class='av-magazine-time updated'  itemprop=\"datePublished\" datetime=\"2018-07-23T16:43:12+02:00\" >23 lipca 2018<\/time><h3 class='av-magazine-title entry-title '  itemprop=\"headline\" ><a href='https:\/\/www.franciszkanie-warszawa.pl\/?p=7758' title='Link to: Nestor prowincji warszawskiej \u2013 o. Szymon \u0141a\u015b (1865-1944)'>Nestor prowincji warszawskiej \u2013 o. Szymon \u0141a\u015b (1865-1944)<\/a><\/h3><\/header><\/div><footer class='entry-footer'><\/footer><\/article><article class='av-magazine-entry av-magazine-entry-id-7762 av-magazine-format-standard av-magazine-type-post av-magazine-entry-5 av-magazine-entry-small '  itemscope=\"itemscope\" itemtype=\"https:\/\/schema.org\/CreativeWork\" ><div class='av-magazine-thumbnail'><a href='https:\/\/www.franciszkanie-warszawa.pl\/?p=7762' title='Link to: Pierwsze reakcje w Niepokalanowie po \u015bmierci o.\u00a0Maksymiliana Marii Kolbego' class='av-magazine-thumbnail-link '><img loading=\"lazy\" decoding=\"async\" width=\"80\" height=\"80\" src=\"https:\/\/www.franciszkanie-warszawa.pl\/wp-content\/uploads\/2018\/04\/mid_galeria-maksymilian-kolbe-80x80.jpg\" class=\"wp-image-7729 avia-img-lazy-loading-7729 attachment-thumbnail size-thumbnail wp-post-image\" alt=\"\" srcset=\"https:\/\/www.franciszkanie-warszawa.pl\/wp-content\/uploads\/2018\/04\/mid_galeria-maksymilian-kolbe-80x80.jpg 80w, https:\/\/www.franciszkanie-warszawa.pl\/wp-content\/uploads\/2018\/04\/mid_galeria-maksymilian-kolbe-36x36.jpg 36w, https:\/\/www.franciszkanie-warszawa.pl\/wp-content\/uploads\/2018\/04\/mid_galeria-maksymilian-kolbe-120x120.jpg 120w\" sizes=\"auto, (max-width: 80px) 100vw, 80px\" \/><\/a><\/div><div class='av-magazine-content-wrap'><header class='entry-content-header'><time class='av-magazine-time updated'  itemprop=\"datePublished\" datetime=\"2018-06-15T16:50:40+02:00\" >15 czerwca 2018<\/time><h3 class='av-magazine-title entry-title '  itemprop=\"headline\" ><a href='https:\/\/www.franciszkanie-warszawa.pl\/?p=7762' title='Link to: Pierwsze reakcje w Niepokalanowie po \u015bmierci o.\u00a0Maksymiliana Marii Kolbego'>Pierwsze reakcje w Niepokalanowie po \u015bmierci o.\u00a0Maksymiliana Marii Kolbego<\/a><\/h3><\/header><\/div><footer class='entry-footer'><\/footer><\/article><\/div><\/div><br \/>\n<div  style='padding-bottom:0px; ' class='av-special-heading av-special-heading-h2  blockquote modern-quote modern-centered  avia-builder-el-8  el_after_av_magazine  el_before_av_partner  '><h2 class='av-special-heading-tag '  itemprop=\"headline\"  >Nasze dzie\u0142a<\/h2><div class='special-heading-border'><div class='special-heading-inner-border' ><\/div><\/div><\/div><br \/>\n<div   data-autoplay='false'  data-interval='5'  data-animation='slide'  class='avia-logo-element-container  avia-logo-grid avia-content-slider avia-smallarrow-slider avia-content-grid-active noHover avia-content-slider1 avia-content-slider-odd  avia-builder-el-9  el_after_av_heading  avia-builder-el-last  ' ><div class='avia-smallarrow-slider-heading  no-logo-slider-heading '><div class='new-special-heading'>&nbsp;<\/div><\/div><div class='avia-content-slider-inner'><div class='slide-entry-wrap' ><div  class='slide-entry flex_column no_margin post-entry slide-entry-overview slide-loop-1 slide-parity-odd  av_one_third first real-thumbnail'><a href='https:\/\/rycerzniepokalanej.pl' data-rel='slide-1' class='slide-image' title=''  ><span class='av-partner-fake-img' style='padding-bottom:50%; background-image:url(https:\/\/www.franciszkanie-warszawa.pl\/wp-content\/uploads\/2022\/10\/RycerzN-logo-1.jpg);'><\/span><\/a><\/div><div  class='slide-entry flex_column no_margin post-entry slide-entry-overview slide-loop-2 slide-parity-even  av_one_third  real-thumbnail'><a href='http:\/\/www.radioniepokalanow.pl' data-rel='slide-1' class='slide-image' title='' target=\"_blank\" rel=\"noopener\"><span class='av-partner-fake-img' style='padding-bottom:50%; background-image:url(https:\/\/www.franciszkanie-warszawa.pl\/wp-content\/uploads\/2015\/10\/radio-300x149.jpg);'><\/span><\/a><\/div><div  class='slide-entry flex_column no_margin post-entry slide-entry-overview slide-loop-3 slide-parity-odd  av_one_third  real-thumbnail'><a href='http:\/\/www.wydawnictwo.niepokalanow.pl' data-rel='slide-1' class='slide-image' title='' target=\"_blank\" rel=\"noopener\"><span class='av-partner-fake-img' style='padding-bottom:50%; background-image:url(https:\/\/www.franciszkanie-warszawa.pl\/wp-content\/uploads\/2022\/10\/WOF-Niepokal-logo-1-300x134.jpg);'><\/span><\/a><\/div><\/div><div class='slide-entry-wrap' ><div  class='slide-entry flex_column no_margin post-entry slide-entry-overview slide-loop-4 slide-parity-odd  av_one_third first real-thumbnail'><a href='http:\/\/mi-polska.pl' data-rel='slide-1' class='slide-image' title='' target=\"_blank\" rel=\"noopener\"><span class='av-partner-fake-img' style='padding-bottom:50%; background-image:url(https:\/\/www.franciszkanie-warszawa.pl\/wp-content\/uploads\/2015\/10\/mi-300x149.jpg);'><\/span><\/a><\/div><div  class='slide-entry flex_column no_margin post-entry slide-entry-overview slide-loop-5 slide-parity-even  av_one_third  real-thumbnail'><a href='https:\/\/www.ospniepokalanow.pl\/index.php?start=1' data-rel='slide-1' class='slide-image' title='Stra\u017c Po\u017carna - Niepokaln\u00f3w' target=\"_blank\" rel=\"noopener\"><span class='av-partner-fake-img' style='padding-bottom:50%; background-image:url(https:\/\/www.franciszkanie-warszawa.pl\/wp-content\/uploads\/2024\/03\/Florian2-300x148.jpg);'><\/span><\/a><\/div><div  class='slide-entry flex_column no_margin post-entry slide-entry-overview slide-loop-6 slide-parity-odd  av_one_third  real-thumbnail'><a href='http:\/\/www.olimpiada.franciszkanie.pl' data-rel='slide-1' class='slide-image' title='' target=\"_blank\" rel=\"noopener\"><span class='av-partner-fake-img' style='padding-bottom:50%; background-image:url(https:\/\/www.franciszkanie-warszawa.pl\/wp-content\/uploads\/2015\/10\/olim-300x149.jpg);'><\/span><\/a><\/div><\/div><div class='slide-entry-wrap' ><div  class='slide-entry flex_column no_margin post-entry slide-entry-overview slide-loop-7 slide-parity-odd  av_one_third first real-thumbnail'><a href='http:\/\/www.serca.franciszkanie.pl' data-rel='slide-1' class='slide-image' title='' target=\"_blank\" rel=\"noopener\"><span class='av-partner-fake-img' style='padding-bottom:50%; background-image:url(https:\/\/www.franciszkanie-warszawa.pl\/wp-content\/uploads\/2024\/03\/Maly-chor-300x160.jpg);'><\/span><\/a><\/div><div  class='slide-entry flex_column no_margin post-entry slide-entry-overview slide-loop-8 slide-parity-even  av_one_third  real-thumbnail'><a href='http:\/\/barka.franciszkanie.pl' data-rel='slide-1' class='slide-image' title='' target=\"_blank\" rel=\"noopener\"><span class='av-partner-fake-img' style='padding-bottom:50%; background-image:url(https:\/\/www.franciszkanie-warszawa.pl\/wp-content\/uploads\/2015\/10\/Barka-300x149.jpg);'><\/span><\/a><\/div><div  class='slide-entry flex_column no_margin post-entry slide-entry-overview slide-loop-9 slide-parity-odd  post-entry-last  av_one_third  real-thumbnail'><a href='http:\/\/brazowa.franciszkanie.pl\/home\/' data-rel='slide-1' class='slide-image' title='' target=\"_blank\" rel=\"noopener\"><span class='av-partner-fake-img' style='padding-bottom:50%; background-image:url(https:\/\/www.franciszkanie-warszawa.pl\/wp-content\/uploads\/2015\/10\/grup-300x149.jpg);'><\/span><\/a><\/div><\/div><\/div><\/div><\/p><\/div>\n<div class=\"flex_column av_one_third  flex_column_div av-zero-column-padding   avia-builder-el-10  el_after_av_two_third  el_before_av_hr  \" style='border-radius:0px; '><p><br \/>\n<div  style=' margin-top:10px; margin-bottom:10px;'  class='hr hr-custom hr-left hr-icon-no   avia-builder-el-12  el_after_av_codeblock  el_before_av_image '><span class='hr-inner  inner-border-av-border-fat' style=' width:50px; border-color:#efbb20;' ><span class='hr-inner-style'><\/span><\/span><\/div><br \/>\n<div  class='avia-image-container  av-styling-  noHover  av-overlay-hover-deactivate   avia-builder-el-13  el_after_av_hr  el_before_av_hr  avia-align-center '  itemprop=\"image\" itemscope=\"itemscope\" itemtype=\"https:\/\/schema.org\/ImageObject\"  ><div class='avia-image-container-inner'><div class='avia-image-overlay-wrap'><a href='https:\/\/www.franciszkanie-warszawa.pl\/?page_id=4596' class='avia_image'  ><div class='av-image-caption-overlay'><div class='av-caption-image-overlay-bg' style='opacity:0.3; background-color:#000000; '><\/div><div class='av-image-caption-overlay-position'><div class='av-image-caption-overlay-center' style='color:#ffffff; font-size:30px; '><p>Niepokalan\u00f3w<\/p>\n<\/div><\/div><\/div><img decoding=\"async\" width=\"363\" height=\"240\" class='wp-image-4616 avia-img-lazy-loading-not-4616 avia_image' src=\"https:\/\/www.franciszkanie-warszawa.pl\/wp-content\/uploads\/2015\/10\/Untitled-1.jpg\" alt='' title='Untitled-1'  itemprop=\"thumbnailUrl\" srcset=\"https:\/\/www.franciszkanie-warszawa.pl\/wp-content\/uploads\/2015\/10\/Untitled-1.jpg 363w, https:\/\/www.franciszkanie-warszawa.pl\/wp-content\/uploads\/2015\/10\/Untitled-1-300x198.jpg 300w\" sizes=\"(max-width: 363px) 100vw, 363px\" \/><\/a><\/div><\/div><\/div><br \/>\n<div  style=' margin-top:10px; margin-bottom:10px;'  class='hr hr-custom hr-left hr-icon-no   avia-builder-el-14  el_after_av_image  el_before_av_image '><span class='hr-inner  inner-border-av-border-fat' style=' width:50px; border-color:#efbb20;' ><span class='hr-inner-style'><\/span><\/span><\/div><br \/>\n<div  class='avia-image-container  av-styling-  noHover  av-overlay-hover-deactivate   avia-builder-el-15  el_after_av_hr  el_before_av_hr  avia-align-center '  itemprop=\"image\" itemscope=\"itemscope\" itemtype=\"https:\/\/schema.org\/ImageObject\"  ><div class='avia-image-container-inner'><div class='avia-image-overlay-wrap'><a href='https:\/\/www.franciszkanie-warszawa.pl\/?page_id=3603' class='avia_image'  ><div class='av-image-caption-overlay'><div class='av-caption-image-overlay-bg' style='opacity:0.3; background-color:#000000; '><\/div><div class='av-image-caption-overlay-position'><div class='av-image-caption-overlay-center' style='color:#ffffff; font-size:30px; '><p>\u015awi\u0119ci Prowincji<\/p>\n<\/div><\/div><\/div><img decoding=\"async\" width=\"294\" height=\"240\" class='wp-image-4617 avia-img-lazy-loading-not-4617 avia_image' src=\"https:\/\/www.franciszkanie-warszawa.pl\/wp-content\/uploads\/2015\/10\/kolbe.jpg\" alt='' title='kolbe'  itemprop=\"thumbnailUrl\"  \/><\/a><\/div><\/div><\/div><br \/>\n<div  style=' margin-top:10px; margin-bottom:10px;'  class='hr hr-custom hr-left hr-icon-no   avia-builder-el-16  el_after_av_image  el_before_av_image '><span class='hr-inner  inner-border-av-border-fat' style=' width:50px; border-color:#efbb20;' ><span class='hr-inner-style'><\/span><\/span><\/div><br \/>\n<div  class='avia-image-container  av-styling-  noHover  av-overlay-hover-deactivate   avia-builder-el-17  el_after_av_hr  el_before_av_hr  avia-align-center '  itemprop=\"image\" itemscope=\"itemscope\" itemtype=\"https:\/\/schema.org\/ImageObject\"  ><div class='avia-image-container-inner'><div class='avia-image-overlay-wrap'><a href='https:\/\/www.franciszkanie-warszawa.pl\/?page_id=3768' class='avia_image'  ><div class='av-image-caption-overlay'><div class='av-caption-image-overlay-bg' style='opacity:0.3; background-color:#000000; '><\/div><div class='av-image-caption-overlay-position'><div class='av-image-caption-overlay-center' style='color:#ffffff; font-size:30px; '><p>Do\u0142\u0105cz do nas!<\/p>\n<\/div><\/div><\/div><img decoding=\"async\" width=\"320\" height=\"240\" class='wp-image-4618 avia-img-lazy-loading-not-4618 avia_image' src=\"https:\/\/www.franciszkanie-warszawa.pl\/wp-content\/uploads\/2015\/10\/11902326_10203361629520398_1072520541367599445_n.jpg\" alt='' title='11902326_10203361629520398_1072520541367599445_n'  itemprop=\"thumbnailUrl\" srcset=\"https:\/\/www.franciszkanie-warszawa.pl\/wp-content\/uploads\/2015\/10\/11902326_10203361629520398_1072520541367599445_n.jpg 320w, https:\/\/www.franciszkanie-warszawa.pl\/wp-content\/uploads\/2015\/10\/11902326_10203361629520398_1072520541367599445_n-300x225.jpg 300w\" sizes=\"(max-width: 320px) 100vw, 320px\" \/><\/a><\/div><\/div><\/div><br \/>\n<div  style=' margin-top:10px; margin-bottom:10px;'  class='hr hr-custom hr-left hr-icon-no   avia-builder-el-18  el_after_av_image  el_before_av_heading '><span class='hr-inner  inner-border-av-border-fat' style=' width:50px; border-color:#efbb20;' ><span class='hr-inner-style'><\/span><\/span><\/div><br \/>\n<div  style='padding-bottom:0px; ' class='av-special-heading av-special-heading-h2  blockquote modern-quote modern-centered  avia-builder-el-19  el_after_av_hr  el_before_av_partner  '><h2 class='av-special-heading-tag '  itemprop=\"headline\"  >Polecamy<\/h2><div class='special-heading-border'><div class='special-heading-inner-border' ><\/div><\/div><\/div><br \/>\n<div   data-autoplay='false'  data-interval='5'  data-animation='slide'  class='avia-logo-element-container  avia-logo-grid avia-content-slider avia-smallarrow-slider avia-content-grid-active noHover avia-content-slider2 avia-content-slider-odd  avia-builder-el-20  el_after_av_heading  avia-builder-el-last  ' ><div class='avia-smallarrow-slider-heading  no-logo-slider-heading '><div class='new-special-heading'>&nbsp;<\/div><\/div><div class='avia-content-slider-inner'><div class='slide-entry-wrap' ><div data-avia-tooltip=\"Strona Zakonu\" class='slide-entry flex_column no_margin post-entry slide-entry-overview slide-loop-1 slide-parity-odd  av_fullwidth first real-thumbnail'><a href='https:\/\/www.ofmconv.net\/pl\/' data-rel='slide-2' class='slide-image' title='Strona Zakonu OFMConv.'  ><span class='av-partner-fake-img' style='padding-bottom:18%; background-image:url(https:\/\/www.franciszkanie-warszawa.pl\/wp-content\/uploads\/2023\/10\/Logo-Ofmconvnet.jpg);'><\/span><\/a><\/div><\/div><div class='slide-entry-wrap' ><div data-avia-tooltip=\"Kolbianum\" class='slide-entry flex_column no_margin post-entry slide-entry-overview slide-loop-2 slide-parity-odd  av_fullwidth first real-thumbnail'><a href='http:\/\/kolbianum.franciszkanie.pl\/kolbianum\/' data-rel='slide-2' class='slide-image' title=''  ><span class='av-partner-fake-img' style='padding-bottom:18%; background-image:url(https:\/\/www.franciszkanie-warszawa.pl\/wp-content\/uploads\/2023\/10\/Logo-Kolbianum.jpg);'><\/span><\/a><\/div><\/div><div class='slide-entry-wrap' ><div data-avia-tooltip=\"Franciszkanie.pl\" class='slide-entry flex_column no_margin post-entry slide-entry-overview slide-loop-3 slide-parity-odd  av_fullwidth first real-thumbnail'><a href='http:\/\/franciszkanie.pl' data-rel='slide-2' class='slide-image' title=''  ><span class='av-partner-fake-img' style='padding-bottom:18%; background-image:url(https:\/\/www.franciszkanie-warszawa.pl\/wp-content\/uploads\/2023\/10\/Logo-Francpl.jpg);'><\/span><\/a><\/div><\/div><div class='slide-entry-wrap' ><div data-avia-tooltip=\"Sekretariat Misyjny\" class='slide-entry flex_column no_margin post-entry slide-entry-overview slide-loop-4 slide-parity-odd  av_fullwidth first real-thumbnail'><a href='http:\/\/misje.warszawa.franciszkanie.pl\/' data-rel='slide-2' class='slide-image' title=''  ><span class='av-partner-fake-img' style='padding-bottom:18%; background-image:url(https:\/\/www.franciszkanie-warszawa.pl\/wp-content\/uploads\/2023\/10\/Logo-Sekretm.jpg);'><\/span><\/a><\/div><\/div><div class='slide-entry-wrap' ><div data-avia-tooltip=\"Patron Travel\" class='slide-entry flex_column no_margin post-entry slide-entry-overview slide-loop-5 slide-parity-odd  av_fullwidth first real-thumbnail'><a href='https:\/\/patrontravel.pl' data-rel='slide-2' class='slide-image' title=''  ><span class='av-partner-fake-img' style='padding-bottom:18%; background-image:url(https:\/\/www.franciszkanie-warszawa.pl\/wp-content\/uploads\/2023\/10\/Logo-Patrontr.jpg);'><\/span><\/a><\/div><\/div><div class='slide-entry-wrap' ><div data-avia-tooltip=\"Si\u0119gnij Nieba\" class='slide-entry flex_column no_margin post-entry slide-entry-overview slide-loop-6 slide-parity-odd  post-entry-last  av_fullwidth first real-thumbnail'><a href='https:\/\/www.siegnijnieba.pl\/' data-rel='slide-2' class='slide-image' title=''  ><span class='av-partner-fake-img' style='padding-bottom:18%; background-image:url(https:\/\/www.franciszkanie-warszawa.pl\/wp-content\/uploads\/2023\/10\/Logo-Donieba.jpg);'><\/span><\/a><\/div><\/div><\/div><\/div><\/p><\/div>\n<div  style=' margin-top:5px; margin-bottom:35px;'  class='hr hr-custom hr-center hr-icon-no   avia-builder-el-21  el_after_av_one_third  avia-builder-el-last '><span class='hr-inner  inner-border-av-border-fat' style=' width:50px; border-color:#efbb20;' ><span class='hr-inner-style'><\/span><\/span><\/div>\n","protected":false},"excerpt":{"rendered":"","protected":false},"author":1,"featured_media":0,"parent":0,"menu_order":0,"comment_status":"closed","ping_status":"closed","template":"","meta":{"_crdt_document":"","footnotes":""},"class_list":["post-19","page","type-page","status-publish","hentry"],"_links":{"self":[{"href":"https:\/\/www.franciszkanie-warszawa.pl\/index.php?rest_route=\/wp\/v2\/pages\/19","targetHints":{"allow":["GET"]}}],"collection":[{"href":"https:\/\/www.franciszkanie-warszawa.pl\/index.php?rest_route=\/wp\/v2\/pages"}],"about":[{"href":"https:\/\/www.franciszkanie-warszawa.pl\/index.php?rest_route=\/wp\/v2\/types\/page"}],"author":[{"embeddable":true,"href":"https:\/\/www.franciszkanie-warszawa.pl\/index.php?rest_route=\/wp\/v2\/users\/1"}],"replies":[{"embeddable":true,"href":"https:\/\/www.franciszkanie-warszawa.pl\/index.php?rest_route=%2Fwp%2Fv2%2Fcomments&post=19"}],"version-history":[{"count":11,"href":"https:\/\/www.franciszkanie-warszawa.pl\/index.php?rest_route=\/wp\/v2\/pages\/19\/revisions"}],"predecessor-version":[{"id":11221,"href":"https:\/\/www.franciszkanie-warszawa.pl\/index.php?rest_route=\/wp\/v2\/pages\/19\/revisions\/11221"}],"wp:attachment":[{"href":"https:\/\/www.franciszkanie-warszawa.pl\/index.php?rest_route=%2Fwp%2Fv2%2Fmedia&parent=19"}],"curies":[{"name":"wp","href":"https:\/\/api.w.org\/{rel}","templated":true}]}}